{"id":795,"date":"2019-07-05T12:18:51","date_gmt":"2019-07-05T10:18:51","guid":{"rendered":"https:\/\/www.kurortuasociacija.lt\/?page_id=795"},"modified":"2019-07-05T12:20:18","modified_gmt":"2019-07-05T10:20:18","slug":"anyksciai","status":"publish","type":"page","link":"https:\/\/www.kurortuasociacija.lt\/de\/kurorte-und-kurortgebiete\/anyksciai\/","title":{"rendered":"Anyk\u0161\u010diai"},"content":{"rendered":"<div class=\"wpb-content-wrapper\"><p>[vc_row][vc_column width=&#8220;2\/3&#8243; offset=&#8220;vc_col-lg-offset-2 vc_col-sm-offset-0 vc_col-xs-12&#8243;][vc_column_text]In Anyk\u0161\u010diai werden Sie von den blauen Seen und der frischen Luft beeindruckt sein. Diese romantische Stadt ist nicht umsonst Wiege der litauischen Literatur, die drei literarische Eichen hervorgebracht hat &#8211; Antanas Baranauskas, Antanas Vienuolis &#8211; \u017dukauskas und Jonas Bili\u016bnas. Andere Schriftsteller, Dichter, K\u00fcnstler und Wissenschaftler sind in ihrem Schatten aufgewachsen.<\/p>\n<p>H\u00e4ufig haben Seen, B\u00e4che oder H\u00fcgel ihre eigene Geschichte. Die Urspr\u00fcnge der Stadt selbst sind auch mit unseren Vorfahren verbunden, die sie vom Gipfel des Berges bis zum Rubikiai-See bewunderten, &#8222;wie eine Palme&#8220; sagten und den aus ihr flie\u00dfenden Bach mit einem Daumen verglichen. Eine andere Legende besagt, dass die Tochter eines Bauern eine Verletzung an einer Stelle abgewaschen hat, an der der Strom von Rubiks entweicht, und versehentlich ihren Daumen geheilt hat. Sie rief: &#8222;Oh Daumen, Daumen!&#8220;<\/p>\n<p>Die geografische Attraktivit\u00e4t der Region, eine harmonische Wirtschaftst\u00e4tigkeit und eine F\u00fclle kultureller Objekte erg\u00e4nzen die literarische Attraktivit\u00e4t der Stadt. Wenige Kilometer von der Stadt entfernt gibt es den fast 1.000 Hektar gro\u00dfen Rubikiai-See, umgeben von drei H\u00fcgeln und mit 16 Inseln, im westlichen Teil von Anyk\u0161\u010diai den ber\u00fchmten Stein von Puntukas, der zweitgr\u00f6\u00dfte in Litauen, ber\u00fchmt f\u00fcr seine Geschichte, in der N\u00e4he des H\u00fcgels \u0160eimyni\u0161k\u0117liai das Schloss Voruta. Diese und andere Reicht\u00fcmer in Anyk\u0161\u010diai eignen sich f\u00fcr touristische Ausfl\u00fcge und sind mit Rastpl\u00e4tzen leicht und bequem zu erreichen.<\/p>\n<p>Die Stadt ist auch ber\u00fchmt f\u00fcr ihre Schmalspurbahn, die zum Ferienort am See f\u00fchrt und im Herbst 1999 ihr hundertj\u00e4hriges Bestehen feiert &#8211; eines der interessantesten Objekte des technischen Erbes Litauens.<\/p>\n<p>In Anyk\u0161\u010diai gibt es die erste und bislang einzige litauische Sommerrodelbahn. Sie kann sowohl im Sommer als auch im Winter benutzt werden &#8211; egal ob es regnet oder schneit, ob es warm oder kalt ist.<\/p>\n<p>Es gibt kein anderes Gebiet in Litauen, das durch so viele Sehensw\u00fcrdigkeiten, Museen und Naturdenkm\u00e4ler so attraktiv ist. Dieser Reichtum des Landes war die Grundlage, um der Stadt 2007 den Status eines Erholungsgebiets zu verleihen.<\/p>\n<p>Die beliebtesten Sehensw\u00fcrdigkeiten in der Region Anyk\u0161\u010diai sind die St. Matth\u00e4uskirche, der Stein Puntukas, J. Bili\u016bnas Truhe &#8222;Das Licht des Gl\u00fccks&#8220; &#8211; aber das ist nur ein kleiner Teil des Reichtums des in Anyk\u0161\u010diai Sehenswerten.[\/vc_column_text][\/vc_column][\/vc_row][vc_row css=&#8220;.vc_custom_1548065793116{margin-top: 20px !important;}&#8220;][vc_column]<style type=\"text\/css\" data-type=\"the7_shortcodes-inline-css\">.gallery-shortcode.gallery-masonry-shortcode-id-6ce641cef8e890e33094bc5187b3e6a4 figure,\n.gallery-shortcode.gallery-masonry-shortcode-id-6ce641cef8e890e33094bc5187b3e6a4 .rollover,\n.gallery-shortcode.gallery-masonry-shortcode-id-6ce641cef8e890e33094bc5187b3e6a4 img,\n.gallery-shortcode.gallery-masonry-shortcode-id-6ce641cef8e890e33094bc5187b3e6a4 .gallery-rollover {\n  border-radius: 0px;\n}\n.gallery-shortcode.gallery-masonry-shortcode-id-6ce641cef8e890e33094bc5187b3e6a4.enable-bg-rollover .gallery-rollover {\n  background: -webkit-linear-gradient();\n  background: linear-gradient();\n}\n.gallery-shortcode.gallery-masonry-shortcode-id-6ce641cef8e890e33094bc5187b3e6a4.enable-bg-rollover.hover-scale figure .rollover:after {\n  background: -webkit-linear-gradient();\n  background: linear-gradient();\n}\n.gallery-shortcode.gallery-masonry-shortcode-id-6ce641cef8e890e33094bc5187b3e6a4 .gallery-zoom-ico {\n  width: 44px;\n  height: 44px;\n  line-height: 44px;\n  border-radius: 100px;\n  margin: -22px 0 0 -22px;\n  border-width: 0px;\n  color: #ffffff;\n}\n.dt-icon-bg-on.gallery-shortcode.gallery-masonry-shortcode-id-6ce641cef8e890e33094bc5187b3e6a4 .gallery-zoom-ico {\n  background: rgba(255,255,255,0.3);\n  box-shadow: none;\n}\n.gallery-shortcode.gallery-masonry-shortcode-id-6ce641cef8e890e33094bc5187b3e6a4 .gallery-zoom-ico:before,\n.gallery-shortcode.gallery-masonry-shortcode-id-6ce641cef8e890e33094bc5187b3e6a4 .gallery-zoom-ico span {\n  font-size: 32px;\n  line-height: 44px;\n  color: #ffffff;\n}\n.gallery-shortcode.gallery-masonry-shortcode-id-6ce641cef8e890e33094bc5187b3e6a4:not(.resize-by-browser-width) .dt-css-grid {\n  grid-row-gap: 40px;\n  grid-column-gap: 40px;\n  grid-template-columns: repeat(auto-fill,minmax(,1fr));\n}\n.gallery-shortcode.gallery-masonry-shortcode-id-6ce641cef8e890e33094bc5187b3e6a4:not(.resize-by-browser-width) .dt-css-grid .double-width {\n  grid-column: span 2;\n}\n.cssgridlegacy.no-cssgrid .gallery-shortcode.gallery-masonry-shortcode-id-6ce641cef8e890e33094bc5187b3e6a4:not(.resize-by-browser-width) .dt-css-grid,\n.no-cssgridlegacy.no-cssgrid .gallery-shortcode.gallery-masonry-shortcode-id-6ce641cef8e890e33094bc5187b3e6a4:not(.resize-by-browser-width) .dt-css-grid {\n  display: flex;\n  flex-flow: row wrap;\n  margin: -20px;\n}\n.cssgridlegacy.no-cssgrid .gallery-shortcode.gallery-masonry-shortcode-id-6ce641cef8e890e33094bc5187b3e6a4:not(.resize-by-browser-width) .dt-css-grid .wf-cell,\n.no-cssgridlegacy.no-cssgrid .gallery-shortcode.gallery-masonry-shortcode-id-6ce641cef8e890e33094bc5187b3e6a4:not(.resize-by-browser-width) .dt-css-grid .wf-cell {\n  flex: 1 0 ;\n  max-width: 100%;\n  padding: 20px;\n  box-sizing: border-box;\n}\n.gallery-shortcode.gallery-masonry-shortcode-id-6ce641cef8e890e33094bc5187b3e6a4.resize-by-browser-width .dt-css-grid {\n  grid-template-columns: repeat(3,1fr);\n  grid-template-rows: auto;\n  grid-column-gap: 40px;\n  grid-row-gap: 40px;\n}\n.gallery-shortcode.gallery-masonry-shortcode-id-6ce641cef8e890e33094bc5187b3e6a4.resize-by-browser-width .dt-css-grid .double-width {\n  grid-column: span 2;\n}\n.cssgridlegacy.no-cssgrid .gallery-shortcode.gallery-masonry-shortcode-id-6ce641cef8e890e33094bc5187b3e6a4.resize-by-browser-width .dt-css-grid {\n  margin: -20px;\n}\n.cssgridlegacy.no-cssgrid .gallery-shortcode.gallery-masonry-shortcode-id-6ce641cef8e890e33094bc5187b3e6a4.resize-by-browser-width .dt-css-grid .wf-cell {\n  width: 33.333333333333%;\n  padding: 20px;\n}\n.cssgridlegacy.no-cssgrid .gallery-shortcode.gallery-masonry-shortcode-id-6ce641cef8e890e33094bc5187b3e6a4.resize-by-browser-width .dt-css-grid .wf-cell.double-width {\n  width: calc(33.333333333333%) * 2;\n}\n.gallery-shortcode.gallery-masonry-shortcode-id-6ce641cef8e890e33094bc5187b3e6a4.resize-by-browser-width:not(.centered-layout-list):not(.content-bg-on) .dt-css-grid {\n  grid-row-gap: 40px - ;\n}\n@media screen and (max-width: 1199px) {\n  .gallery-shortcode.gallery-masonry-shortcode-id-6ce641cef8e890e33094bc5187b3e6a4.resize-by-browser-width .dt-css-grid {\n    grid-template-columns: repeat(3,1fr);\n  }\n  .cssgridlegacy.no-cssgrid .gallery-shortcode.gallery-masonry-shortcode-id-6ce641cef8e890e33094bc5187b3e6a4.resize-by-browser-width .dt-css-grid .wf-cell,\n  .no-cssgridlegacy.no-cssgrid .gallery-shortcode.gallery-masonry-shortcode-id-6ce641cef8e890e33094bc5187b3e6a4.resize-by-browser-width .dt-css-grid .wf-cell {\n    width: 33.333333333333%;\n  }\n  .cssgridlegacy.no-cssgrid .gallery-shortcode.gallery-masonry-shortcode-id-6ce641cef8e890e33094bc5187b3e6a4.resize-by-browser-width .dt-css-grid .wf-cell.double-width,\n  .no-cssgridlegacy.no-cssgrid .gallery-shortcode.gallery-masonry-shortcode-id-6ce641cef8e890e33094bc5187b3e6a4.resize-by-browser-width .dt-css-grid .wf-cell.double-width {\n    width: calc(33.333333333333%)*2;\n  }\n}\n@media screen and (max-width: 991px) {\n  .gallery-shortcode.gallery-masonry-shortcode-id-6ce641cef8e890e33094bc5187b3e6a4.resize-by-browser-width .dt-css-grid {\n    grid-template-columns: repeat(3,1fr);\n  }\n  .cssgridlegacy.no-cssgrid .gallery-shortcode.gallery-masonry-shortcode-id-6ce641cef8e890e33094bc5187b3e6a4.resize-by-browser-width .dt-css-grid .wf-cell,\n  .no-cssgridlegacy.no-cssgrid .gallery-shortcode.gallery-masonry-shortcode-id-6ce641cef8e890e33094bc5187b3e6a4.resize-by-browser-width .dt-css-grid .wf-cell {\n    width: 33.333333333333%;\n  }\n  .cssgridlegacy.no-cssgrid .gallery-shortcode.gallery-masonry-shortcode-id-6ce641cef8e890e33094bc5187b3e6a4.resize-by-browser-width .dt-css-grid .wf-cell.double-width,\n  .no-cssgridlegacy.no-cssgrid .gallery-shortcode.gallery-masonry-shortcode-id-6ce641cef8e890e33094bc5187b3e6a4.resize-by-browser-width .dt-css-grid .wf-cell.double-width {\n    width: calc(33.333333333333%)*2;\n  }\n}\n@media screen and (max-width: 767px) {\n  .gallery-shortcode.gallery-masonry-shortcode-id-6ce641cef8e890e33094bc5187b3e6a4.resize-by-browser-width .dt-css-grid {\n    grid-template-columns: repeat(1,1fr);\n  }\n  .cssgridlegacy.no-cssgrid .gallery-shortcode.gallery-masonry-shortcode-id-6ce641cef8e890e33094bc5187b3e6a4.resize-by-browser-width .dt-css-grid .wf-cell,\n  .no-cssgridlegacy.no-cssgrid .gallery-shortcode.gallery-masonry-shortcode-id-6ce641cef8e890e33094bc5187b3e6a4.resize-by-browser-width .dt-css-grid .wf-cell {\n    width: 100%;\n  }\n  .cssgridlegacy.no-cssgrid .gallery-shortcode.gallery-masonry-shortcode-id-6ce641cef8e890e33094bc5187b3e6a4.resize-by-browser-width .dt-css-grid .wf-cell.double-width,\n  .no-cssgridlegacy.no-cssgrid .gallery-shortcode.gallery-masonry-shortcode-id-6ce641cef8e890e33094bc5187b3e6a4.resize-by-browser-width .dt-css-grid .wf-cell.double-width {\n    width: calc(100%)*2;\n  }\n}<\/style><div class=\"gallery-shortcode dt-gallery-container gallery-masonry-shortcode-id-6ce641cef8e890e33094bc5187b3e6a4 mode-grid jquery-filter dt-icon-bg-off quick-scale-img dt-css-grid-wrap enable-bg-rollover resize-by-browser-width  hover-fade loading-effect-none description-on-hover\" data-padding=\"20px\" data-cur-page=\"1\" data-post-limit=\"-1\" data-pagination-mode=\"none\" data-desktop-columns-num=\"3\" data-v-tablet-columns-num=\"3\" data-h-tablet-columns-num=\"3\" data-phone-columns-num=\"1\" data-width=\"0px\" data-columns=\"0\"><div class=\"dt-css-grid\" ><div class=\"wf-cell\" data-post-id=\"797\" data-date=\"2019-01-20T13:42:41+02:00\" data-name=\"+eimyni+k+li+ piliakalnis. R. Bu+inskas\"><figure class=\"post visible\"><a href=\"https:\/\/www.kurortuasociacija.lt\/wp-content\/uploads\/2019\/01\/eimynikli-piliakalnis.-R.-Buinskas-1-e1548921208761.jpg\" class=\"rollover dt-pswp-item layzr-bg\" data-large_image_width=\"2500\" data-large_image_height=\"1667\" data-dt-img-description=\"\" title=\"+eimyni+k+li+ piliakalnis. R. Bu+inskas\"><img fetchpriority=\"high\" decoding=\"async\" class=\"preload-me iso-lazy-load aspect\" src=\"data:image\/svg+xml,%3Csvg%20xmlns%3D&#39;http%3A%2F%2Fwww.w3.org%2F2000%2Fsvg&#39;%20viewBox%3D&#39;0%200%20768%20512&#39;%2F%3E\" data-src=\"https:\/\/www.kurortuasociacija.lt\/wp-content\/uploads\/2019\/01\/eimynikli-piliakalnis.-R.-Buinskas-1-e1548921208761-768x512.jpg\" data-srcset=\"https:\/\/www.kurortuasociacija.lt\/wp-content\/uploads\/2019\/01\/eimynikli-piliakalnis.-R.-Buinskas-1-e1548921208761-768x512.jpg 768w, https:\/\/www.kurortuasociacija.lt\/wp-content\/uploads\/2019\/01\/eimynikli-piliakalnis.-R.-Buinskas-1-e1548921208761-1152x768.jpg 1152w\" loading=\"eager\" style=\"--ratio: 768 \/ 512\" sizes=\"(max-width: 768px) 100vw, 768px\" alt=\"\" width=\"768\" height=\"512\"  \/><span class=\"gallery-rollover\"><span class=\"gallery-zoom-ico icomoon-the7-font-the7-zoom-06\"><span><\/span><\/span><\/span><\/a><\/figure><\/div><div class=\"wf-cell\" data-post-id=\"798\" data-date=\"2019-01-20T13:42:45+02:00\" data-name=\"Anyk+-i+ +olel+s\"><figure class=\"post visible\"><a href=\"https:\/\/www.kurortuasociacija.lt\/wp-content\/uploads\/2019\/01\/Anyk-i-olels-1.jpg\" class=\"rollover dt-pswp-item layzr-bg\" data-large_image_width=\"1600\" data-large_image_height=\"1067\" data-dt-img-description=\"\" title=\"Anyk+-i+ +olel+s\"><img decoding=\"async\" class=\"preload-me iso-lazy-load aspect\" src=\"data:image\/svg+xml,%3Csvg%20xmlns%3D&#39;http%3A%2F%2Fwww.w3.org%2F2000%2Fsvg&#39;%20viewBox%3D&#39;0%200%20768%20512&#39;%2F%3E\" data-src=\"https:\/\/www.kurortuasociacija.lt\/wp-content\/uploads\/2019\/01\/Anyk-i-olels-1-768x512.jpg\" data-srcset=\"https:\/\/www.kurortuasociacija.lt\/wp-content\/uploads\/2019\/01\/Anyk-i-olels-1-768x512.jpg 768w, https:\/\/www.kurortuasociacija.lt\/wp-content\/uploads\/2019\/01\/Anyk-i-olels-1-1152x768.jpg 1152w\" loading=\"eager\" style=\"--ratio: 768 \/ 512\" sizes=\"(max-width: 768px) 100vw, 768px\" alt=\"\" width=\"768\" height=\"512\"  \/><span class=\"gallery-rollover\"><span class=\"gallery-zoom-ico icomoon-the7-font-the7-zoom-06\"><span><\/span><\/span><\/span><\/a><\/figure><\/div><div class=\"wf-cell\" data-post-id=\"799\" data-date=\"2019-01-20T13:42:45+02:00\" data-name=\"OLYMPUS DIGITAL CAMERA\"><figure class=\"post visible\"><a href=\"https:\/\/www.kurortuasociacija.lt\/wp-content\/uploads\/2019\/01\/Anyksciu-Sv.-Mato-baznycia.-V.Reikalien.jpg\" class=\"rollover dt-pswp-item layzr-bg\" data-large_image_width=\"1920\" data-large_image_height=\"2560\" data-dt-img-description=\"\" title=\"OLYMPUS DIGITAL CAMERA\"><img decoding=\"async\" class=\"preload-me iso-lazy-load aspect\" src=\"data:image\/svg+xml,%3Csvg%20xmlns%3D&#39;http%3A%2F%2Fwww.w3.org%2F2000%2Fsvg&#39;%20viewBox%3D&#39;0%200%20768%20512&#39;%2F%3E\" data-src=\"https:\/\/www.kurortuasociacija.lt\/wp-content\/uploads\/2019\/01\/Anyksciu-Sv.-Mato-baznycia.-V.Reikalien-768x512.jpg\" data-srcset=\"https:\/\/www.kurortuasociacija.lt\/wp-content\/uploads\/2019\/01\/Anyksciu-Sv.-Mato-baznycia.-V.Reikalien-768x512.jpg 768w, https:\/\/www.kurortuasociacija.lt\/wp-content\/uploads\/2019\/01\/Anyksciu-Sv.-Mato-baznycia.-V.Reikalien-1152x768.jpg 1152w\" loading=\"eager\" style=\"--ratio: 768 \/ 512\" sizes=\"(max-width: 768px) 100vw, 768px\" alt=\"\" width=\"768\" height=\"512\"  \/><span class=\"gallery-rollover\"><span class=\"gallery-zoom-ico icomoon-the7-font-the7-zoom-06\"><span><\/span><\/span><\/span><\/a><\/figure><\/div><div class=\"wf-cell\" data-post-id=\"800\" data-date=\"2019-01-20T13:42:47+02:00\" data-name=\"Kaln+ slidin+jimas ant Kalitos kalno\"><figure class=\"post visible\"><a href=\"https:\/\/www.kurortuasociacija.lt\/wp-content\/uploads\/2019\/01\/Kaln-slidinjimas-ant-Kalitos-kalno.jpg\" class=\"rollover dt-pswp-item layzr-bg\" data-large_image_width=\"2000\" data-large_image_height=\"1335\" data-dt-img-description=\"\" title=\"Kaln+ slidin+jimas ant Kalitos kalno\"><img decoding=\"async\" class=\"preload-me iso-lazy-load aspect\" src=\"data:image\/svg+xml,%3Csvg%20xmlns%3D&#39;http%3A%2F%2Fwww.w3.org%2F2000%2Fsvg&#39;%20viewBox%3D&#39;0%200%20768%20512&#39;%2F%3E\" data-src=\"https:\/\/www.kurortuasociacija.lt\/wp-content\/uploads\/2019\/01\/Kaln-slidinjimas-ant-Kalitos-kalno-768x512.jpg\" data-srcset=\"https:\/\/www.kurortuasociacija.lt\/wp-content\/uploads\/2019\/01\/Kaln-slidinjimas-ant-Kalitos-kalno-768x512.jpg 768w, https:\/\/www.kurortuasociacija.lt\/wp-content\/uploads\/2019\/01\/Kaln-slidinjimas-ant-Kalitos-kalno-1152x768.jpg 1152w\" loading=\"eager\" style=\"--ratio: 768 \/ 512\" sizes=\"(max-width: 768px) 100vw, 768px\" alt=\"\" width=\"768\" height=\"512\"  \/><span class=\"gallery-rollover\"><span class=\"gallery-zoom-ico icomoon-the7-font-the7-zoom-06\"><span><\/span><\/span><\/span><\/a><\/figure><\/div><div class=\"wf-cell\" data-post-id=\"801\" data-date=\"2019-01-20T13:42:49+02:00\" data-name=\"Laj+ takas Anyk+-i+ +ilelyje. V.Reikalien+\"><figure class=\"post visible\"><a href=\"https:\/\/www.kurortuasociacija.lt\/wp-content\/uploads\/2019\/01\/Laj-takas-Anyk-i-ilelyje.-V.Reikalien.jpg\" class=\"rollover dt-pswp-item layzr-bg\" data-large_image_width=\"4000\" data-large_image_height=\"5140\" data-dt-img-description=\"\" title=\"Laj+ takas Anyk+-i+ +ilelyje. V.Reikalien+\"><img decoding=\"async\" class=\"preload-me iso-lazy-load aspect\" src=\"data:image\/svg+xml,%3Csvg%20xmlns%3D&#39;http%3A%2F%2Fwww.w3.org%2F2000%2Fsvg&#39;%20viewBox%3D&#39;0%200%20768%20512&#39;%2F%3E\" data-src=\"https:\/\/www.kurortuasociacija.lt\/wp-content\/uploads\/2019\/01\/Laj-takas-Anyk-i-ilelyje.-V.Reikalien-768x512.jpg\" data-srcset=\"https:\/\/www.kurortuasociacija.lt\/wp-content\/uploads\/2019\/01\/Laj-takas-Anyk-i-ilelyje.-V.Reikalien-768x512.jpg 768w, https:\/\/www.kurortuasociacija.lt\/wp-content\/uploads\/2019\/01\/Laj-takas-Anyk-i-ilelyje.-V.Reikalien-1152x768.jpg 1152w\" loading=\"eager\" style=\"--ratio: 768 \/ 512\" sizes=\"(max-width: 768px) 100vw, 768px\" alt=\"\" width=\"768\" height=\"512\"  \/><span class=\"gallery-rollover\"><span class=\"gallery-zoom-ico icomoon-the7-font-the7-zoom-06\"><span><\/span><\/span><\/span><\/a><\/figure><\/div><\/div><!-- iso-container|iso-grid --><\/div>[\/vc_column][\/vc_row]<\/p>\n<\/div>","protected":false},"excerpt":{"rendered":"<p>[vc_row][vc_column width=&#8220;2\/3&#8243; offset=&#8220;vc_col-lg-offset-2 vc_col-sm-offset-0 vc_col-xs-12&#8243;][vc_column_text]In Anyk\u0161\u010diai werden Sie von den blauen Seen und der frischen Luft beeindruckt sein. Diese romantische Stadt ist nicht umsonst Wiege der litauischen Literatur, die drei literarische Eichen hervorgebracht hat &#8211; Antanas Baranauskas, Antanas Vienuolis &#8211; \u017dukauskas und Jonas Bili\u016bnas. Andere Schriftsteller, Dichter, K\u00fcnstler und Wissenschaftler sind in ihrem Schatten aufgewachsen.&hellip;<\/p>\n","protected":false},"author":1,"featured_media":0,"parent":767,"menu_order":0,"comment_status":"closed","ping_status":"closed","template":"","meta":{"pgc_sgb_lightbox_settings":"","footnotes":""},"class_list":["post-795","page","type-page","status-publish","hentry","description-off"],"yoast_head":"<!-- This site is optimized with the Yoast SEO plugin v27.4 - https:\/\/yoast.com\/product\/yoast-seo-wordpress\/ -->\n<title>Anyk\u0161\u010diai - Kurort\u0173 asociacija<\/title>\n<meta name=\"robots\" content=\"index, follow, max-snippet:-1, max-image-preview:large, max-video-preview:-1\" \/>\n<link rel=\"canonical\" href=\"https:\/\/www.kurortuasociacija.lt\/kurortai-ir-kurortines-teritorijos\/anyksciai\/\" \/>\n<meta property=\"og:locale\" content=\"de_DE\" \/>\n<meta property=\"og:type\" content=\"article\" \/>\n<meta property=\"og:title\" content=\"Anyk\u0161\u010diai - Kurort\u0173 asociacija\" \/>\n<meta property=\"og:description\" content=\"[vc_row][vc_column width=&#8220;2\/3&#8243; offset=&#8220;vc_col-lg-offset-2 vc_col-sm-offset-0 vc_col-xs-12&#8243;][vc_column_text]In Anyk\u0161\u010diai werden Sie von den blauen Seen und der frischen Luft beeindruckt sein. Diese romantische Stadt ist nicht umsonst Wiege der litauischen Literatur, die drei literarische Eichen hervorgebracht hat &#8211; Antanas Baranauskas, Antanas Vienuolis &#8211; \u017dukauskas und Jonas Bili\u016bnas. Andere Schriftsteller, Dichter, K\u00fcnstler und Wissenschaftler sind in ihrem Schatten aufgewachsen.&hellip;\" \/>\n<meta property=\"og:url\" content=\"https:\/\/www.kurortuasociacija.lt\/kurortai-ir-kurortines-teritorijos\/anyksciai\/\" \/>\n<meta property=\"og:site_name\" content=\"Kurort\u0173 asociacija\" \/>\n<meta property=\"article:modified_time\" content=\"2019-07-05T10:20:18+00:00\" \/>\n<meta name=\"twitter:card\" content=\"summary_large_image\" \/>\n<meta name=\"twitter:label1\" content=\"Gesch\u00e4tzte Lesezeit\" \/>\n\t<meta name=\"twitter:data1\" content=\"2\u00a0Minuten\" \/>\n<script type=\"application\/ld+json\" class=\"yoast-schema-graph\">{\"@context\":\"https:\\\/\\\/schema.org\",\"@graph\":[{\"@type\":\"WebPage\",\"@id\":\"https:\\\/\\\/www.kurortuasociacija.lt\\\/kurortai-ir-kurortines-teritorijos\\\/anyksciai\\\/\",\"url\":\"https:\\\/\\\/www.kurortuasociacija.lt\\\/kurortai-ir-kurortines-teritorijos\\\/anyksciai\\\/\",\"name\":\"Anyk\u0161\u010diai - Kurort\u0173 asociacija\",\"isPartOf\":{\"@id\":\"https:\\\/\\\/www.kurortuasociacija.lt\\\/#website\"},\"datePublished\":\"2019-07-05T10:18:51+00:00\",\"dateModified\":\"2019-07-05T10:20:18+00:00\",\"breadcrumb\":{\"@id\":\"https:\\\/\\\/www.kurortuasociacija.lt\\\/kurortai-ir-kurortines-teritorijos\\\/anyksciai\\\/#breadcrumb\"},\"inLanguage\":\"de\",\"potentialAction\":[{\"@type\":\"ReadAction\",\"target\":[\"https:\\\/\\\/www.kurortuasociacija.lt\\\/kurortai-ir-kurortines-teritorijos\\\/anyksciai\\\/\"]}]},{\"@type\":\"BreadcrumbList\",\"@id\":\"https:\\\/\\\/www.kurortuasociacija.lt\\\/kurortai-ir-kurortines-teritorijos\\\/anyksciai\\\/#breadcrumb\",\"itemListElement\":[{\"@type\":\"ListItem\",\"position\":1,\"name\":\"Home\",\"item\":\"https:\\\/\\\/www.kurortuasociacija.lt\\\/de\\\/\"},{\"@type\":\"ListItem\",\"position\":2,\"name\":\"Kurorte und Kurortgebiete\",\"item\":\"https:\\\/\\\/www.kurortuasociacija.lt\\\/kurortai-ir-kurortines-teritorijos\\\/\"},{\"@type\":\"ListItem\",\"position\":3,\"name\":\"Anyk\u0161\u010diai\"}]},{\"@type\":\"WebSite\",\"@id\":\"https:\\\/\\\/www.kurortuasociacija.lt\\\/#website\",\"url\":\"https:\\\/\\\/www.kurortuasociacija.lt\\\/\",\"name\":\"Kurort\u0173 asociacija\",\"description\":\"Lietuvos kurort\u0173 asociacija\",\"potentialAction\":[{\"@type\":\"SearchAction\",\"target\":{\"@type\":\"EntryPoint\",\"urlTemplate\":\"https:\\\/\\\/www.kurortuasociacija.lt\\\/?s={search_term_string}\"},\"query-input\":{\"@type\":\"PropertyValueSpecification\",\"valueRequired\":true,\"valueName\":\"search_term_string\"}}],\"inLanguage\":\"de\"}]}<\/script>\n<!-- \/ Yoast SEO plugin. -->","yoast_head_json":{"title":"Anyk\u0161\u010diai - Kurort\u0173 asociacija","robots":{"index":"index","follow":"follow","max-snippet":"max-snippet:-1","max-image-preview":"max-image-preview:large","max-video-preview":"max-video-preview:-1"},"canonical":"https:\/\/www.kurortuasociacija.lt\/kurortai-ir-kurortines-teritorijos\/anyksciai\/","og_locale":"de_DE","og_type":"article","og_title":"Anyk\u0161\u010diai - Kurort\u0173 asociacija","og_description":"[vc_row][vc_column width=&#8220;2\/3&#8243; offset=&#8220;vc_col-lg-offset-2 vc_col-sm-offset-0 vc_col-xs-12&#8243;][vc_column_text]In Anyk\u0161\u010diai werden Sie von den blauen Seen und der frischen Luft beeindruckt sein. Diese romantische Stadt ist nicht umsonst Wiege der litauischen Literatur, die drei literarische Eichen hervorgebracht hat &#8211; Antanas Baranauskas, Antanas Vienuolis &#8211; \u017dukauskas und Jonas Bili\u016bnas. Andere Schriftsteller, Dichter, K\u00fcnstler und Wissenschaftler sind in ihrem Schatten aufgewachsen.&hellip;","og_url":"https:\/\/www.kurortuasociacija.lt\/kurortai-ir-kurortines-teritorijos\/anyksciai\/","og_site_name":"Kurort\u0173 asociacija","article_modified_time":"2019-07-05T10:20:18+00:00","twitter_card":"summary_large_image","twitter_misc":{"Gesch\u00e4tzte Lesezeit":"2\u00a0Minuten"},"schema":{"@context":"https:\/\/schema.org","@graph":[{"@type":"WebPage","@id":"https:\/\/www.kurortuasociacija.lt\/kurortai-ir-kurortines-teritorijos\/anyksciai\/","url":"https:\/\/www.kurortuasociacija.lt\/kurortai-ir-kurortines-teritorijos\/anyksciai\/","name":"Anyk\u0161\u010diai - Kurort\u0173 asociacija","isPartOf":{"@id":"https:\/\/www.kurortuasociacija.lt\/#website"},"datePublished":"2019-07-05T10:18:51+00:00","dateModified":"2019-07-05T10:20:18+00:00","breadcrumb":{"@id":"https:\/\/www.kurortuasociacija.lt\/kurortai-ir-kurortines-teritorijos\/anyksciai\/#breadcrumb"},"inLanguage":"de","potentialAction":[{"@type":"ReadAction","target":["https:\/\/www.kurortuasociacija.lt\/kurortai-ir-kurortines-teritorijos\/anyksciai\/"]}]},{"@type":"BreadcrumbList","@id":"https:\/\/www.kurortuasociacija.lt\/kurortai-ir-kurortines-teritorijos\/anyksciai\/#breadcrumb","itemListElement":[{"@type":"ListItem","position":1,"name":"Home","item":"https:\/\/www.kurortuasociacija.lt\/de\/"},{"@type":"ListItem","position":2,"name":"Kurorte und Kurortgebiete","item":"https:\/\/www.kurortuasociacija.lt\/kurortai-ir-kurortines-teritorijos\/"},{"@type":"ListItem","position":3,"name":"Anyk\u0161\u010diai"}]},{"@type":"WebSite","@id":"https:\/\/www.kurortuasociacija.lt\/#website","url":"https:\/\/www.kurortuasociacija.lt\/","name":"Kurort\u0173 asociacija","description":"Lietuvos kurort\u0173 asociacija","potentialAction":[{"@type":"SearchAction","target":{"@type":"EntryPoint","urlTemplate":"https:\/\/www.kurortuasociacija.lt\/?s={search_term_string}"},"query-input":{"@type":"PropertyValueSpecification","valueRequired":true,"valueName":"search_term_string"}}],"inLanguage":"de"}]}},"_links":{"self":[{"href":"https:\/\/www.kurortuasociacija.lt\/de\/wp-json\/wp\/v2\/pages\/795","targetHints":{"allow":["GET"]}}],"collection":[{"href":"https:\/\/www.kurortuasociacija.lt\/de\/wp-json\/wp\/v2\/pages"}],"about":[{"href":"https:\/\/www.kurortuasociacija.lt\/de\/wp-json\/wp\/v2\/types\/page"}],"author":[{"embeddable":true,"href":"https:\/\/www.kurortuasociacija.lt\/de\/wp-json\/wp\/v2\/users\/1"}],"replies":[{"embeddable":true,"href":"https:\/\/www.kurortuasociacija.lt\/de\/wp-json\/wp\/v2\/comments?post=795"}],"version-history":[{"count":2,"href":"https:\/\/www.kurortuasociacija.lt\/de\/wp-json\/wp\/v2\/pages\/795\/revisions"}],"predecessor-version":[{"id":802,"href":"https:\/\/www.kurortuasociacija.lt\/de\/wp-json\/wp\/v2\/pages\/795\/revisions\/802"}],"up":[{"embeddable":true,"href":"https:\/\/www.kurortuasociacija.lt\/de\/wp-json\/wp\/v2\/pages\/767"}],"wp:attachment":[{"href":"https:\/\/www.kurortuasociacija.lt\/de\/wp-json\/wp\/v2\/media?parent=795"}],"curies":[{"name":"wp","href":"https:\/\/api.w.org\/{rel}","templated":true}]}}